{"id":411,"date":"2018-03-27T16:15:24","date_gmt":"2018-03-27T16:15:24","guid":{"rendered":"https:\/\/elkeradhuber.at\/?page_id=411"},"modified":"2019-02-10T09:36:03","modified_gmt":"2019-02-10T09:36:03","slug":"aussehen-essen","status":"publish","type":"page","link":"https:\/\/elkeradhuber.at\/?page_id=411","title":{"rendered":"02-07_Psychotherapie__Aussehen Essen"},"content":{"rendered":"<div id=\"pl-411\"  class=\"panel-layout\" ><div id=\"pg-411-0\"  class=\"panel-grid panel-no-style\" ><div id=\"pgc-411-0-0\"  class=\"panel-grid-cell\" ><div id=\"panel-411-0-0-0\" class=\"so-panel widget widget_black-studio-tinymce widget_black_studio_tinymce panel-first-child\" data-index=\"0\" ><div class=\"textwidget\"><div>\n<span class=\"home-boxheadline\">Missempfinden und Unzufriedenheit<\/span><\/p>\n<p style=\"text-align: justify;\"><span class=\"home-boxtext\">Wenn die Besch\u00e4ftigung mit dem Aussehen zu einem zentralen Bestandteil des Lebens wird, kann das erhebliche Folgen haben. Manchmal nimmt die Besch\u00e4ftigung mit dem Aussehen so viel Raum ein, dass andere Lebensbereiche zu kurz kommen oder sogar vernachl\u00e4ssigt werden. Mitunter behindert das Betroffene in ihrer freien Entwicklung oder zieht ernste gesundheitliche oder soziale Auswirkungen nach sich. Ein Missempfinden zur eigenen K\u00f6rperlichkeit steht h\u00e4ufig in Verbindung mit einer ausgepr\u00e4gten Selbstwertproblematik, aber auch andere Hintergr\u00fcnde k\u00f6nnen eine Rolle spielen. <\/span><\/p>\n<\/div>\n<\/div><\/div><div id=\"panel-411-0-0-1\" class=\"so-panel widget widget_sow-image\" data-index=\"1\" ><div\n\t\t\t\n\t\t\tclass=\"so-widget-sow-image so-widget-sow-image-default-8b5b6f678277-411\"\n\t\t\t\n\t\t>\n<div class=\"sow-image-container\">\n\t\t<img \n\tsrc=\"gantry-media:\/\/02_Psychotherapie\/Haeufige_Themen\/07_Aussehen\/Aussehen_woman-sitting-by%20lake_%20von%20leah%20kelly%20pexels_1024x682px.jpg\" title=\"02-07_Psychotherapie__Aussehen Essen\" alt=\"\" \t\tclass=\"so-widget-image\"\/>\n\t<\/div>\n\n<\/div><\/div><div id=\"panel-411-0-0-2\" class=\"so-panel widget widget_black-studio-tinymce widget_black_studio_tinymce\" data-index=\"2\" ><div class=\"textwidget\"><div>\n<span class=\"home-boxheadline\">Themen rund um das Essen<\/span><\/p>\n<p style=\"text-align: justify;\"><span class=\"home-boxtext\">Themen rund um das Essen finden h\u00e4ufig Platz in der Therapie. Wobei das Essen meist f\u00fcr eine dahinter liegende Problematik steht.<br \/>\n<\/span><\/p>\n<ul class=\"a\">\n<li>Magersucht \/ Anorexie <br \/> Oft beginnt Magersucht mit eher harmlos wirkenden Di\u00e4ten. Dies soll jedoch nicht dar\u00fcber hinweg t\u00e4uschen, dass Magersucht eine sehr ernst zu nehmende Erkrankung darstellt. Die k\u00f6rperlichen Folgen sind vom Haarausfall bis zum Organversagen nicht zu untersch\u00e4tzen. Eine fr\u00fchzeitiger Behandlungsbeginn ist unterst\u00fctzt die Chance auf eine Heilung.<\/li>\n<li>Orthorexie <br \/>Betroffene besch\u00e4ftigen sich zwanghaft mit dem Thema (gesunde) Ern\u00e4hrung.<\/li>\n<li>Bulimie <br \/>Auch Ess-Brechsucht genannt. Typisch sind Essanf\u00e4lle, gefolgt von Gegenma\u00dfnahmen um eine Gewichtszunahme zu vermeiden (zB Erbrechen, Abf\u00fchrmittel, exzessiver Sport etc.)<\/li>\n<li>Begleitung nach Magen-OP <br \/>Nach einer Magen-OP (zB Magenverkleinerung) wird das \u00fcberm\u00e4\u00dfige Essen sozusagen mechanisch verhindert. Da Essen aber h\u00e4ufig f\u00fcr die Betroffenen eine Funktion (zB Stress -> Entspannung durch Essen etc.) erf\u00fcllt hat, ist es nach einer Magen-OP meist notwendig, neue, hilfreiche Strategien zu entwickeln um mit Herausforderungen umzugehen.<\/li>\n<li>Esssucht<\/li>\n<li>Unvertr\u00e4glichkeiten<\/li>\n<\/ul>\n<\/div>\n<\/div><\/div><div id=\"panel-411-0-0-3\" class=\"so-panel widget widget_sow-image\" data-index=\"3\" ><div\n\t\t\t\n\t\t\tclass=\"so-widget-sow-image so-widget-sow-image-default-8b5b6f678277-411\"\n\t\t\t\n\t\t>\n<div class=\"sow-image-container\">\n\t\t<img \n\tsrc=\"gantry-media:\/\/02_Psychotherapie\/Haeufige_Themen\/07_Aussehen\/Aussehen-calories-diet-food-pixabay_1024x683px.jpg\" title=\"02-07_Psychotherapie__Aussehen Essen\" alt=\"\" \t\tclass=\"so-widget-image\"\/>\n\t<\/div>\n\n<\/div><\/div><div id=\"panel-411-0-0-4\" class=\"so-panel widget widget_black-studio-tinymce widget_black_studio_tinymce\" data-index=\"4\" ><div class=\"textwidget\"><div>\n<span class=\"home-boxheadline\">Themen rund um das Aussehen<\/span><\/p>\n<p style=\"text-align: justify;\"><span class=\"home-boxtext\">Nachstehend einige Beispiele f\u00fcr Themen rund um das Aussehen, die Thema in der Therapie sein k\u00f6nnen:<br \/>\n<\/span><\/p>\n<ul class=\"a\">\n<li>Mangelempfinden <br \/> zB Social\/Media Instagram: Stimmung abh\u00e4ngig von Zuspruch in den Social Media Community und zwanghaftes kontrollieren von Respons etc.<\/li>\n<li>Exzessive Auseinandersetzung mit \u00c4u\u00dferen <br \/>Betroffene besch\u00e4ftigen sich zwanghaft mit dem Thema (gesunde) Ern\u00e4hrung.<\/li>\n<li>Entscheidungsunsicherheit bzgl. Sch\u00f6nheits-OPs<\/li>\n<li>Dysmorphophobie <br \/> Betroffene f\u00fchlen sich h\u00e4sslich oder sogar entstellt, obwohl sie objektiv keine auff\u00e4lligen Makel haben. Durch die verschobenen Realit\u00e4tssicht (K\u00f6rperbildst\u00f6rung) haben die Betroffenen einen erheblichen Leidensdruck.<\/li>\n<li>Adonis-Komplex oder Muskeldysmorphophobie <br \/> zB Wenn sich ein Mann trotz gro\u00dfer Sportlichkeit immer noch als zu schm\u00e4chtig empfindet. Oft werden dann auch gesundheitsgef\u00e4hrdenden Verhaltensweisen ergriffen um mehr Muskelmasse aufbaut (zB Job wird gek\u00fcndigt um mehr trainieren zu k\u00f6nnen, n\u00e4chtliches Trainieren, Doping, Anabolika)<\/li>\n<\/ul>\n<\/div>\n<\/div><\/div><div id=\"panel-411-0-0-5\" class=\"so-panel widget widget_sow-image panel-last-child\" data-index=\"5\" ><div\n\t\t\t\n\t\t\tclass=\"so-widget-sow-image so-widget-sow-image-default-8b5b6f678277-411\"\n\t\t\t\n\t\t>\n<div class=\"sow-image-container\">\n\t\t<img \n\tsrc=\"gantry-media:\/\/02_Psychotherapie\/Haeufige_Themen\/07_Aussehen\/Aussehen-Mann%20training_pexels-von_victor_freitas_1024x682px.jpg\" title=\"02-07_Psychotherapie__Aussehen Essen\" alt=\"\" \t\tclass=\"so-widget-image\"\/>\n\t<\/div>\n\n<\/div><\/div><\/div><\/div><\/div>","protected":false},"excerpt":{"rendered":"<p>Missempfinden und Unzufriedenheit Wenn die Besch\u00e4ftigung mit dem Aussehen zu einem zentralen Bestandteil des Lebens wird, kann das erhebliche Folgen haben. Manchmal nimmt die Besch\u00e4ftigung mit dem Aussehen so viel Raum ein, dass andere Lebensbereiche zu kurz kommen oder sogar vernachl\u00e4ssigt werden. Mitunter behindert das Betroffene in ihrer freien Entwicklung oder zieht ernste gesundheitliche oder [&hellip;]<\/p>\n","protected":false},"author":2,"featured_media":0,"parent":0,"menu_order":0,"comment_status":"closed","ping_status":"closed","template":"","meta":{"footnotes":""},"class_list":["post-411","page","type-page","status-publish","hentry"],"yoast_head":"<!-- This site is optimized with the Yoast SEO plugin v26.2 - https:\/\/yoast.com\/wordpress\/plugins\/seo\/ -->\n<title>02-07_Psychotherapie__Aussehen Essen | Mag. Elke Radhuber | Psychotherapie und Coaching<\/title>\n<meta name=\"robots\" content=\"index, follow, max-snippet:-1, max-image-preview:large, max-video-preview:-1\" \/>\n<link rel=\"canonical\" href=\"https:\/\/elkeradhuber.at\/?page_id=411\" \/>\n<meta property=\"og:locale\" content=\"de_DE\" \/>\n<meta property=\"og:type\" content=\"article\" \/>\n<meta property=\"og:title\" content=\"02-07_Psychotherapie__Aussehen Essen | Mag. Elke Radhuber | Psychotherapie und Coaching\" \/>\n<meta property=\"og:description\" content=\"Missempfinden und Unzufriedenheit Wenn die Besch\u00e4ftigung mit dem Aussehen zu einem zentralen Bestandteil des Lebens wird, kann das erhebliche Folgen haben. Manchmal nimmt die Besch\u00e4ftigung mit dem Aussehen so viel Raum ein, dass andere Lebensbereiche zu kurz kommen oder sogar vernachl\u00e4ssigt werden. Mitunter behindert das Betroffene in ihrer freien Entwicklung oder zieht ernste gesundheitliche oder [&hellip;]\" \/>\n<meta property=\"og:url\" content=\"https:\/\/elkeradhuber.at\/?page_id=411\" \/>\n<meta property=\"og:site_name\" content=\"Mag. Elke Radhuber | Psychotherapie und Coaching\" \/>\n<meta property=\"article:publisher\" content=\"https:\/\/www.facebook.com\/psychotherapieradhuber\/\" \/>\n<meta property=\"article:modified_time\" content=\"2019-02-10T09:36:03+00:00\" \/>\n<meta property=\"og:image\" content=\"https:\/\/elkeradhuber.at\/wp-content\/uploads\/2025\/10\/Praxis_Mag_Elke_Radhuber_1200x675px.png\" \/>\n\t<meta property=\"og:image:width\" content=\"1200\" \/>\n\t<meta property=\"og:image:height\" content=\"675\" \/>\n\t<meta property=\"og:image:type\" content=\"image\/png\" \/>\n<meta name=\"twitter:card\" content=\"summary_large_image\" \/>\n<meta name=\"twitter:label1\" content=\"Gesch\u00e4tzte Lesezeit\" \/>\n\t<meta name=\"twitter:data1\" content=\"2 Minuten\" \/>\n<script type=\"application\/ld+json\" class=\"yoast-schema-graph\">{\"@context\":\"https:\/\/schema.org\",\"@graph\":[{\"@type\":\"WebPage\",\"@id\":\"https:\/\/elkeradhuber.at\/?page_id=411\",\"url\":\"https:\/\/elkeradhuber.at\/?page_id=411\",\"name\":\"02-07_Psychotherapie__Aussehen Essen | Mag. Elke Radhuber | Psychotherapie und Coaching\",\"isPartOf\":{\"@id\":\"https:\/\/elkeradhuber.at\/#website\"},\"datePublished\":\"2018-03-27T16:15:24+00:00\",\"dateModified\":\"2019-02-10T09:36:03+00:00\",\"breadcrumb\":{\"@id\":\"https:\/\/elkeradhuber.at\/?page_id=411#breadcrumb\"},\"inLanguage\":\"de-AT\",\"potentialAction\":[{\"@type\":\"ReadAction\",\"target\":[\"https:\/\/elkeradhuber.at\/?page_id=411\"]}]},{\"@type\":\"BreadcrumbList\",\"@id\":\"https:\/\/elkeradhuber.at\/?page_id=411#breadcrumb\",\"itemListElement\":[{\"@type\":\"ListItem\",\"position\":1,\"name\":\"Home\",\"item\":\"https:\/\/elkeradhuber.at\/\"},{\"@type\":\"ListItem\",\"position\":2,\"name\":\"02-07_Psychotherapie__Aussehen Essen\"}]},{\"@type\":\"WebSite\",\"@id\":\"https:\/\/elkeradhuber.at\/#website\",\"url\":\"https:\/\/elkeradhuber.at\/\",\"name\":\"Mag. Elke Radhuber | Psychotherapie und Coaching\",\"description\":\"Webseite zur Praxis f\u00fcr Psychotherapie und Coaching von Mag. Elke Radhuber\",\"publisher\":{\"@id\":\"https:\/\/elkeradhuber.at\/#organization\"},\"alternateName\":\"Praxis f\u00fcr Psychotherapie und Coaching | Mag. Elke Radhuber\",\"potentialAction\":[{\"@type\":\"SearchAction\",\"target\":{\"@type\":\"EntryPoint\",\"urlTemplate\":\"https:\/\/elkeradhuber.at\/?s={search_term_string}\"},\"query-input\":{\"@type\":\"PropertyValueSpecification\",\"valueRequired\":true,\"valueName\":\"search_term_string\"}}],\"inLanguage\":\"de-AT\"},{\"@type\":\"Organization\",\"@id\":\"https:\/\/elkeradhuber.at\/#organization\",\"name\":\"Mag. Elke Radhuber | Praxis f\u00fcr Psychotherapie und Coaching\",\"alternateName\":\"Praxis f\u00fcr Psychotherapie und Coaching | Mag. Elke Radhuber\",\"url\":\"https:\/\/elkeradhuber.at\/\",\"logo\":{\"@type\":\"ImageObject\",\"inLanguage\":\"de-AT\",\"@id\":\"https:\/\/elkeradhuber.at\/#\/schema\/logo\/image\/\",\"url\":\"https:\/\/elkeradhuber.at\/wp-content\/uploads\/2020\/03\/elke_079_extended.jpg\",\"contentUrl\":\"https:\/\/elkeradhuber.at\/wp-content\/uploads\/2020\/03\/elke_079_extended.jpg\",\"width\":1920,\"height\":1282,\"caption\":\"Mag. Elke Radhuber | Praxis f\u00fcr Psychotherapie und Coaching\"},\"image\":{\"@id\":\"https:\/\/elkeradhuber.at\/#\/schema\/logo\/image\/\"},\"sameAs\":[\"https:\/\/www.facebook.com\/psychotherapieradhuber\/\",\"https:\/\/www.instagram.com\/elke_radhuber\/\"]}]}<\/script>\n<!-- \/ Yoast SEO plugin. -->","yoast_head_json":{"title":"02-07_Psychotherapie__Aussehen Essen | Mag. Elke Radhuber | Psychotherapie und Coaching","robots":{"index":"index","follow":"follow","max-snippet":"max-snippet:-1","max-image-preview":"max-image-preview:large","max-video-preview":"max-video-preview:-1"},"canonical":"https:\/\/elkeradhuber.at\/?page_id=411","og_locale":"de_DE","og_type":"article","og_title":"02-07_Psychotherapie__Aussehen Essen | Mag. Elke Radhuber | Psychotherapie und Coaching","og_description":"Missempfinden und Unzufriedenheit Wenn die Besch\u00e4ftigung mit dem Aussehen zu einem zentralen Bestandteil des Lebens wird, kann das erhebliche Folgen haben. Manchmal nimmt die Besch\u00e4ftigung mit dem Aussehen so viel Raum ein, dass andere Lebensbereiche zu kurz kommen oder sogar vernachl\u00e4ssigt werden. Mitunter behindert das Betroffene in ihrer freien Entwicklung oder zieht ernste gesundheitliche oder [&hellip;]","og_url":"https:\/\/elkeradhuber.at\/?page_id=411","og_site_name":"Mag. Elke Radhuber | Psychotherapie und Coaching","article_publisher":"https:\/\/www.facebook.com\/psychotherapieradhuber\/","article_modified_time":"2019-02-10T09:36:03+00:00","og_image":[{"width":1200,"height":675,"url":"https:\/\/elkeradhuber.at\/wp-content\/uploads\/2025\/10\/Praxis_Mag_Elke_Radhuber_1200x675px.png","type":"image\/png"}],"twitter_card":"summary_large_image","twitter_misc":{"Gesch\u00e4tzte Lesezeit":"2 Minuten"},"schema":{"@context":"https:\/\/schema.org","@graph":[{"@type":"WebPage","@id":"https:\/\/elkeradhuber.at\/?page_id=411","url":"https:\/\/elkeradhuber.at\/?page_id=411","name":"02-07_Psychotherapie__Aussehen Essen | Mag. Elke Radhuber | Psychotherapie und Coaching","isPartOf":{"@id":"https:\/\/elkeradhuber.at\/#website"},"datePublished":"2018-03-27T16:15:24+00:00","dateModified":"2019-02-10T09:36:03+00:00","breadcrumb":{"@id":"https:\/\/elkeradhuber.at\/?page_id=411#breadcrumb"},"inLanguage":"de-AT","potentialAction":[{"@type":"ReadAction","target":["https:\/\/elkeradhuber.at\/?page_id=411"]}]},{"@type":"BreadcrumbList","@id":"https:\/\/elkeradhuber.at\/?page_id=411#breadcrumb","itemListElement":[{"@type":"ListItem","position":1,"name":"Home","item":"https:\/\/elkeradhuber.at\/"},{"@type":"ListItem","position":2,"name":"02-07_Psychotherapie__Aussehen Essen"}]},{"@type":"WebSite","@id":"https:\/\/elkeradhuber.at\/#website","url":"https:\/\/elkeradhuber.at\/","name":"Mag. Elke Radhuber | Psychotherapie und Coaching","description":"Webseite zur Praxis f\u00fcr Psychotherapie und Coaching von Mag. Elke Radhuber","publisher":{"@id":"https:\/\/elkeradhuber.at\/#organization"},"alternateName":"Praxis f\u00fcr Psychotherapie und Coaching | Mag. Elke Radhuber","potentialAction":[{"@type":"SearchAction","target":{"@type":"EntryPoint","urlTemplate":"https:\/\/elkeradhuber.at\/?s={search_term_string}"},"query-input":{"@type":"PropertyValueSpecification","valueRequired":true,"valueName":"search_term_string"}}],"inLanguage":"de-AT"},{"@type":"Organization","@id":"https:\/\/elkeradhuber.at\/#organization","name":"Mag. Elke Radhuber | Praxis f\u00fcr Psychotherapie und Coaching","alternateName":"Praxis f\u00fcr Psychotherapie und Coaching | Mag. Elke Radhuber","url":"https:\/\/elkeradhuber.at\/","logo":{"@type":"ImageObject","inLanguage":"de-AT","@id":"https:\/\/elkeradhuber.at\/#\/schema\/logo\/image\/","url":"https:\/\/elkeradhuber.at\/wp-content\/uploads\/2020\/03\/elke_079_extended.jpg","contentUrl":"https:\/\/elkeradhuber.at\/wp-content\/uploads\/2020\/03\/elke_079_extended.jpg","width":1920,"height":1282,"caption":"Mag. Elke Radhuber | Praxis f\u00fcr Psychotherapie und Coaching"},"image":{"@id":"https:\/\/elkeradhuber.at\/#\/schema\/logo\/image\/"},"sameAs":["https:\/\/www.facebook.com\/psychotherapieradhuber\/","https:\/\/www.instagram.com\/elke_radhuber\/"]}]}},"_links":{"self":[{"href":"https:\/\/elkeradhuber.at\/index.php?rest_route=\/wp\/v2\/pages\/411","targetHints":{"allow":["GET"]}}],"collection":[{"href":"https:\/\/elkeradhuber.at\/index.php?rest_route=\/wp\/v2\/pages"}],"about":[{"href":"https:\/\/elkeradhuber.at\/index.php?rest_route=\/wp\/v2\/types\/page"}],"author":[{"embeddable":true,"href":"https:\/\/elkeradhuber.at\/index.php?rest_route=\/wp\/v2\/users\/2"}],"replies":[{"embeddable":true,"href":"https:\/\/elkeradhuber.at\/index.php?rest_route=%2Fwp%2Fv2%2Fcomments&post=411"}],"version-history":[{"count":33,"href":"https:\/\/elkeradhuber.at\/index.php?rest_route=\/wp\/v2\/pages\/411\/revisions"}],"predecessor-version":[{"id":1097,"href":"https:\/\/elkeradhuber.at\/index.php?rest_route=\/wp\/v2\/pages\/411\/revisions\/1097"}],"wp:attachment":[{"href":"https:\/\/elkeradhuber.at\/index.php?rest_route=%2Fwp%2Fv2%2Fmedia&parent=411"}],"curies":[{"name":"wp","href":"https:\/\/api.w.org\/{rel}","templated":true}]}}